{"id":166,"date":"2022-01-30T20:48:09","date_gmt":"2022-01-30T20:48:09","guid":{"rendered":"https:\/\/www.auszeit-meyer.de\/?page_id=166"},"modified":"2024-03-20T11:39:09","modified_gmt":"2024-03-20T11:39:09","slug":"herzlich-willkommen-babymassage-wellnessmassage","status":"publish","type":"page","link":"https:\/\/www.auszeit-meyer.de\/","title":{"rendered":"Herzlich Willkommen"},"content":{"rendered":"\n<div style=\"height:57px\" aria-hidden=\"true\" class=\"wp-block-spacer\"><\/div>\n\n\n\n<h4 class=\"wp-block-heading has-medium-font-size\" id=\"wie-schon-dass-du-da-bist\" style=\"font-style:normal;font-weight:900;text-transform:uppercase\">Wie sch\u00f6n, dass Du da bist!<\/h4>\n\n\n\n<hr class=\"wp-block-separator has-text-color has-css-opacity has-background is-style-wide\" style=\"background-color:#55b74e;color:#55b74e\"\/>\n\n\n\n<p><\/p>\n\n\n\n<p class=\"has-medium-font-size\"><strong>Dein Leben schl\u00e4gt an manchen Tagen Purzelb\u00e4ume und du sehnst dich nach Pausen und Entspannung? Einfach mal den Alltag hinter dir lassen und zu Ruhe kommen?<\/strong><\/p>\n\n\n\n<p class=\"has-medium-font-size\">Ich biete unterschiedliche Wellnessmassagen an und zeige dir, wie du mit \u00e4therischen \u00d6len eine wirkungsvolle Unterst\u00fctzung f\u00fcr deinen Alltag an die Hand bekommst.<\/p>\n\n\n\n<p class=\"has-medium-font-size\"><strong>Du <\/strong><strong>bist frisch Mama geworden und m\u00f6chtest dein Baby verw\u00f6hnen? Und gleichzeitig bist du gefordert durch die neuen Aufgaben und brauchst eigentlich Entspannung?<\/strong><\/p>\n\n\n\n<p class=\"has-medium-font-size\">In meinem Babymassage-Kurs verbinde ich beide Bed\u00fcrfnisse; die des Babys nach N\u00e4he und Ber\u00fchrungen und die der Eltern nach Entspannung.<\/p>\n\n\n\n<p class=\"has-medium-font-size\">Die ersten Lebensjahre, ist eindeutig die spannendsten und vor allem mit riesigen Entwicklungsschritten gespickte Zeit. In meinen Eltern-Kind-Kursen erleben wir gemeinsam in der Gruppe kleine Abenteuer und entdecken neue F\u00e4higkeiten.<\/p>\n\n\n\n<p class=\"has-medium-font-size\">Schau dich gerne um und schreibe mir gerne, wenn du <a href=\"https:\/\/www.auszeit-meyer.de\/index.php\/kontakt\/\">Fragen<\/a> hast.<\/p>\n\n\n<div class=\"wp-block-image is-style-default\">\n<figure class=\"aligncenter size-large is-resized\"><img decoding=\"async\" width=\"1024\" height=\"684\" src=\"https:\/\/www.auszeit-meyer.de\/wp-content\/uploads\/2022\/02\/sunset-g7f8a82a14_1920-1024x684.jpg\" alt=\"Freiheit Wellness\" class=\"wp-image-357\" style=\"width:582px;height:388px\" srcset=\"https:\/\/www.auszeit-meyer.de\/wp-content\/uploads\/2022\/02\/sunset-g7f8a82a14_1920-1024x684.jpg 1024w, https:\/\/www.auszeit-meyer.de\/wp-content\/uploads\/2022\/02\/sunset-g7f8a82a14_1920-300x200.jpg 300w, https:\/\/www.auszeit-meyer.de\/wp-content\/uploads\/2022\/02\/sunset-g7f8a82a14_1920-768x513.jpg 768w, https:\/\/www.auszeit-meyer.de\/wp-content\/uploads\/2022\/02\/sunset-g7f8a82a14_1920-1536x1026.jpg 1536w, https:\/\/www.auszeit-meyer.de\/wp-content\/uploads\/2022\/02\/sunset-g7f8a82a14_1920-1600x1068.jpg 1600w, https:\/\/www.auszeit-meyer.de\/wp-content\/uploads\/2022\/02\/sunset-g7f8a82a14_1920.jpg 1920w\" sizes=\"(max-width: 1024px) 100vw, 1024px\" \/><\/figure><\/div>\n\n\n<div style=\"height:60px\" aria-hidden=\"true\" class=\"wp-block-spacer\"><\/div>\n\n\n\n<p class=\"has-large-font-size\">Mein Angebot im \u00dcberblick<\/p>\n\n\n\n<div class=\"wp-block-columns is-layout-flex wp-container-core-columns-layout-1 wp-block-columns-is-layout-flex\">\n<div class=\"wp-block-column is-layout-flow wp-block-column-is-layout-flow\">\n<figure class=\"wp-block-image size-full\"><a href=\"https:\/\/www.auszeit-meyer.de\/index.php\/babymassage-kurs\/\"><img decoding=\"async\" width=\"1000\" height=\"1000\" src=\"https:\/\/www.auszeit-meyer.de\/wp-content\/uploads\/2023\/01\/Babymassage-Kurs1.jpg\" alt=\"\" class=\"wp-image-665\" srcset=\"https:\/\/www.auszeit-meyer.de\/wp-content\/uploads\/2023\/01\/Babymassage-Kurs1.jpg 1000w, https:\/\/www.auszeit-meyer.de\/wp-content\/uploads\/2023\/01\/Babymassage-Kurs1-300x300.jpg 300w, https:\/\/www.auszeit-meyer.de\/wp-content\/uploads\/2023\/01\/Babymassage-Kurs1-150x150.jpg 150w, https:\/\/www.auszeit-meyer.de\/wp-content\/uploads\/2023\/01\/Babymassage-Kurs1-768x768.jpg 768w\" sizes=\"(max-width: 1000px) 100vw, 1000px\" \/><\/a><\/figure>\n<\/div>\n\n\n\n<div class=\"wp-block-column is-layout-flow wp-block-column-is-layout-flow\">\n<figure class=\"wp-block-image size-full\"><a href=\"https:\/\/www.auszeit-meyer.de\/index.php\/11-baby-kindermassage\/\"><img decoding=\"async\" width=\"1000\" height=\"1000\" src=\"https:\/\/www.auszeit-meyer.de\/wp-content\/uploads\/2023\/01\/Kopie-von-Kopie-von-Babymassage-Kurs.jpg\" alt=\"\" class=\"wp-image-668\" srcset=\"https:\/\/www.auszeit-meyer.de\/wp-content\/uploads\/2023\/01\/Kopie-von-Kopie-von-Babymassage-Kurs.jpg 1000w, https:\/\/www.auszeit-meyer.de\/wp-content\/uploads\/2023\/01\/Kopie-von-Kopie-von-Babymassage-Kurs-300x300.jpg 300w, https:\/\/www.auszeit-meyer.de\/wp-content\/uploads\/2023\/01\/Kopie-von-Kopie-von-Babymassage-Kurs-150x150.jpg 150w, https:\/\/www.auszeit-meyer.de\/wp-content\/uploads\/2023\/01\/Kopie-von-Kopie-von-Babymassage-Kurs-768x768.jpg 768w\" sizes=\"(max-width: 1000px) 100vw, 1000px\" \/><\/a><\/figure>\n<\/div>\n\n\n\n<div class=\"wp-block-column is-layout-flow wp-block-column-is-layout-flow\">\n<figure class=\"wp-block-image size-full\"><a href=\"https:\/\/www.auszeit-meyer.de\/index.php\/babyzeit\/\"><img decoding=\"async\" width=\"1000\" height=\"1000\" src=\"https:\/\/www.auszeit-meyer.de\/wp-content\/uploads\/2024\/03\/Kopie-von-Babymassage-Kurs3.jpg\" alt=\"\" class=\"wp-image-928\" srcset=\"https:\/\/www.auszeit-meyer.de\/wp-content\/uploads\/2024\/03\/Kopie-von-Babymassage-Kurs3.jpg 1000w, https:\/\/www.auszeit-meyer.de\/wp-content\/uploads\/2024\/03\/Kopie-von-Babymassage-Kurs3-300x300.jpg 300w, https:\/\/www.auszeit-meyer.de\/wp-content\/uploads\/2024\/03\/Kopie-von-Babymassage-Kurs3-150x150.jpg 150w, https:\/\/www.auszeit-meyer.de\/wp-content\/uploads\/2024\/03\/Kopie-von-Babymassage-Kurs3-768x768.jpg 768w\" sizes=\"(max-width: 1000px) 100vw, 1000px\" \/><\/a><\/figure>\n<\/div>\n<\/div>\n\n\n\n<div class=\"wp-block-columns is-layout-flex wp-container-core-columns-layout-2 wp-block-columns-is-layout-flex\">\n<div class=\"wp-block-column is-layout-flow wp-block-column-is-layout-flow\">\n<figure class=\"wp-block-image size-full\"><a href=\"https:\/\/www.auszeit-meyer.de\/index.php\/spielzeit\/\"><img decoding=\"async\" width=\"1000\" height=\"1000\" src=\"https:\/\/www.auszeit-meyer.de\/wp-content\/uploads\/2024\/03\/Kopie-von-Kopie-von-Babymassage-Kurs2.jpg\" alt=\"\" class=\"wp-image-929\" srcset=\"https:\/\/www.auszeit-meyer.de\/wp-content\/uploads\/2024\/03\/Kopie-von-Kopie-von-Babymassage-Kurs2.jpg 1000w, https:\/\/www.auszeit-meyer.de\/wp-content\/uploads\/2024\/03\/Kopie-von-Kopie-von-Babymassage-Kurs2-300x300.jpg 300w, https:\/\/www.auszeit-meyer.de\/wp-content\/uploads\/2024\/03\/Kopie-von-Kopie-von-Babymassage-Kurs2-150x150.jpg 150w, https:\/\/www.auszeit-meyer.de\/wp-content\/uploads\/2024\/03\/Kopie-von-Kopie-von-Babymassage-Kurs2-768x768.jpg 768w\" sizes=\"(max-width: 1000px) 100vw, 1000px\" \/><\/a><\/figure>\n<\/div>\n\n\n\n<div class=\"wp-block-column is-layout-flow wp-block-column-is-layout-flow\">\n<figure class=\"wp-block-image size-full\"><a href=\"https:\/\/www.auszeit-meyer.de\/index.php\/aromaoel-massage\/\"><img decoding=\"async\" width=\"1000\" height=\"1000\" src=\"https:\/\/www.auszeit-meyer.de\/wp-content\/uploads\/2023\/01\/Kopie-von-Kopie-von-Kopie-von-Babymassage-Kurs.jpg\" alt=\"\" class=\"wp-image-670\" srcset=\"https:\/\/www.auszeit-meyer.de\/wp-content\/uploads\/2023\/01\/Kopie-von-Kopie-von-Kopie-von-Babymassage-Kurs.jpg 1000w, https:\/\/www.auszeit-meyer.de\/wp-content\/uploads\/2023\/01\/Kopie-von-Kopie-von-Kopie-von-Babymassage-Kurs-300x300.jpg 300w, https:\/\/www.auszeit-meyer.de\/wp-content\/uploads\/2023\/01\/Kopie-von-Kopie-von-Kopie-von-Babymassage-Kurs-150x150.jpg 150w, https:\/\/www.auszeit-meyer.de\/wp-content\/uploads\/2023\/01\/Kopie-von-Kopie-von-Kopie-von-Babymassage-Kurs-768x768.jpg 768w\" sizes=\"(max-width: 1000px) 100vw, 1000px\" \/><\/a><\/figure>\n<\/div>\n\n\n\n<div class=\"wp-block-column is-layout-flow wp-block-column-is-layout-flow\">\n<figure class=\"wp-block-image size-full\"><a href=\"https:\/\/www.auszeit-meyer.de\/index.php\/auszeitabend\/\"><img decoding=\"async\" width=\"1000\" height=\"1000\" src=\"https:\/\/www.auszeit-meyer.de\/wp-content\/uploads\/2023\/01\/Kopie-von-Babymassage-Kurs2.jpg\" alt=\"\" class=\"wp-image-667\" srcset=\"https:\/\/www.auszeit-meyer.de\/wp-content\/uploads\/2023\/01\/Kopie-von-Babymassage-Kurs2.jpg 1000w, https:\/\/www.auszeit-meyer.de\/wp-content\/uploads\/2023\/01\/Kopie-von-Babymassage-Kurs2-300x300.jpg 300w, https:\/\/www.auszeit-meyer.de\/wp-content\/uploads\/2023\/01\/Kopie-von-Babymassage-Kurs2-150x150.jpg 150w, https:\/\/www.auszeit-meyer.de\/wp-content\/uploads\/2023\/01\/Kopie-von-Babymassage-Kurs2-768x768.jpg 768w\" sizes=\"(max-width: 1000px) 100vw, 1000px\" \/><\/a><\/figure>\n<\/div>\n<\/div>\n\n\n\n<div class=\"wp-block-columns is-layout-flex wp-container-core-columns-layout-3 wp-block-columns-is-layout-flex\">\n<div class=\"wp-block-column is-layout-flow wp-block-column-is-layout-flow\">\n<figure class=\"wp-block-image size-full\"><a href=\"https:\/\/www.auszeit-meyer.de\/index.php\/aroma-lifestyle\/\"><img decoding=\"async\" width=\"1000\" height=\"1000\" src=\"https:\/\/www.auszeit-meyer.de\/wp-content\/uploads\/2023\/01\/Kopie-von-Kopie-von-Babymassage-Kurs1.jpg\" alt=\"\" class=\"wp-image-669\" srcset=\"https:\/\/www.auszeit-meyer.de\/wp-content\/uploads\/2023\/01\/Kopie-von-Kopie-von-Babymassage-Kurs1.jpg 1000w, https:\/\/www.auszeit-meyer.de\/wp-content\/uploads\/2023\/01\/Kopie-von-Kopie-von-Babymassage-Kurs1-300x300.jpg 300w, https:\/\/www.auszeit-meyer.de\/wp-content\/uploads\/2023\/01\/Kopie-von-Kopie-von-Babymassage-Kurs1-150x150.jpg 150w, https:\/\/www.auszeit-meyer.de\/wp-content\/uploads\/2023\/01\/Kopie-von-Kopie-von-Babymassage-Kurs1-768x768.jpg 768w\" sizes=\"(max-width: 1000px) 100vw, 1000px\" \/><\/a><\/figure>\n<\/div>\n\n\n\n<div class=\"wp-block-column is-layout-flow wp-block-column-is-layout-flow\"><\/div>\n\n\n\n<div class=\"wp-block-column is-layout-flow wp-block-column-is-layout-flow\"><\/div>\n<\/div>\n","protected":false},"excerpt":{"rendered":"<p>Wie sch\u00f6n, dass Du da bist! Dein Leben schl\u00e4gt an manchen Tagen Purzelb\u00e4ume und du sehnst dich nach Pausen und&hellip;<\/p>\n","protected":false},"author":2,"featured_media":0,"parent":0,"menu_order":0,"comment_status":"closed","ping_status":"closed","template":"","meta":{"footnotes":""},"_links":{"self":[{"href":"https:\/\/www.auszeit-meyer.de\/index.php\/wp-json\/wp\/v2\/pages\/166"}],"collection":[{"href":"https:\/\/www.auszeit-meyer.de\/index.php\/wp-json\/wp\/v2\/pages"}],"about":[{"href":"https:\/\/www.auszeit-meyer.de\/index.php\/wp-json\/wp\/v2\/types\/page"}],"author":[{"embeddable":true,"href":"https:\/\/www.auszeit-meyer.de\/index.php\/wp-json\/wp\/v2\/users\/2"}],"replies":[{"embeddable":true,"href":"https:\/\/www.auszeit-meyer.de\/index.php\/wp-json\/wp\/v2\/comments?post=166"}],"version-history":[{"count":38,"href":"https:\/\/www.auszeit-meyer.de\/index.php\/wp-json\/wp\/v2\/pages\/166\/revisions"}],"predecessor-version":[{"id":930,"href":"https:\/\/www.auszeit-meyer.de\/index.php\/wp-json\/wp\/v2\/pages\/166\/revisions\/930"}],"wp:attachment":[{"href":"https:\/\/www.auszeit-meyer.de\/index.php\/wp-json\/wp\/v2\/media?parent=166"}],"curies":[{"name":"wp","href":"https:\/\/api.w.org\/{rel}","templated":true}]}}